{"version":"1.0","provider_name":"Kalandiparos S\u00e3o Paulo-ban","provider_url":"https:\/\/kalandiparos.cafeblog.hu","author_name":"tundebunde","author_url":"https:\/\/kalandiparos.cafeblog.hu\/author\/tundebunde\/","title":"Foci VB \u00fcr\u00f6m","html":"Neh\u00e9z \u00fagy a fociv\u00e9b\u00e9r\u0151l besz\u00e9lni ebben a folytogat\u00f3 l\u00e9gk\u00f6rben an\u00e9lk\u00fcl, hogy az ember gyomra nem legyen g\u00f6rcsben, mert \u00e9pp ki fog pampogni, kik ord\u00edtanak m\u00e9g mindig esztelen\u00fcl pocskond\u00edrozva mindent \u00e9s mindenkit.\r\n\r\n<!--more-->\r\n\r\nA nagy focinemzetet megm\u00e9rgezte az eg\u00e9sz rosszul szervezett esem\u00e9ny, a leny\u00falt p\u00e9nzek \u00e9s sok alaptalan v\u00e1d is. Eg\u00e9szs\u00e9g\u00fcgyi \u00e9s oktat\u00e1si fejleszt\u00e9s\u00e9rt t\u00fcntetnek. Az a p\u00e9nz m\u00e1r elment \u00e9s az sem biztos, hogy ennek a vb-hez k\u00f6ze van. (Van ebben az orsz\u00e1gban p\u00e9nz b\u0151ven ahhoz, hogy b\u00e1rmilyen reformot v\u00e9ghez vigyenek - ha akarnak.) Azzal, hogy azt is t\u00f6nkreteszik, ami egy\u00e9bk\u00e9nt is meg fog t\u00f6rt\u00e9nni, nem l\u00e1tok t\u00fal sok \u00e9rtelmes \u00e9rvet m\u00f6g\u00f6tte. Pedig ez egy (soha vissza nem t\u00e9r\u0151) hossz\u00fat\u00e1v\u00fa befektet\u00e9s lehetett volna a turizmusban. Azt is elfelejtik a brazilok, hogy anno a foci VB \u00e9s az Olimpia szervez\u00e9s\u00e9nek h\u00edre mennyire felemelte az orsz\u00e1g presztizs\u00e9t \u00e9s mennyi befektet\u0151k,\u00a0 k\u00fclf\u00f6ldi c\u00e9get vonzott ide. Mindenki csak a brazil \u00e1lomr\u00f3l besz\u00e9lt. (Igaz volt-e vagy sem, a vil\u00e1g bekapta a csalit, Braz\u00edlia pedig kasz\u00e1lt.)\r\n\r\nMost\u00a0 sokan a k\u00fclf\u00f6ldiekre is veszett\u00fcl f\u00fajtatnak, mert van p\u00e9nz\u00fck \u00e9s tudtak venni jegyet a meccsekre. (Nem mintha egy \u00e1tlag, helyi focimeccsre j\u00f3val olcs\u00f3bb lenne bejutni .) Egy\u00e1ltal\u00e1n nem l\u00e1tok euforikus \u00f6r\u00f6m\u00f6t, mert k\u00fcfl\u00f6ldiek fogj\u00e1k el\u00e1rasztani az orsz\u00e1got - \u00e9s itt hagynak t\u00f6bb milli\u00f3 doll\u00e1rt. Harag, irigys\u00e9g \u00e9s j\u00f3 adag kisebbrend\u0171s\u00e9gi komplexum jellemzi a k\u00f6zhangulatot. Tesznek a k\u00fclf\u00f6ldiekre. (Szomor\u00fa ez az elszigetel\u0151d\u00e9s, mert ebb\u0151l az \u00e1llapotb\u00f3l nincs az a j\u00f3m\u00f3d, ami kir\u00e1ngathatn\u00e1 \u0151ket \u00e9s hib\u00e1ztathatj\u00e1k a vil\u00e1got \u00e9rte.)\r\n\r\nAz is k\u00e9rd\u00e9s, hogy ebb\u0151l mennyi a szervezett, manipulat\u00edv r\u00e9sz az okt\u00f3beri v\u00e1laszt\u00e1sokra val\u00f3 tekintettel. T\u00e9ny, hogy 11 nap m\u00falva kezd\u0151dik a VB, hiszt\u00e9rikus \u00f6r\u00f6mmel, er\u0151ltetett lelkes\u00edt\u00e9ssel, csendes, visszafolytott rem\u00e9nnyel \u00e9s rajong\u00e1ssal - na meg a r\u00e9gi n\u00f3t\u00e1val.\r\nArr\u00f3l persze senki nem besz\u00e9l, hogy j\u00faliusra nem lesz viz\u00fcnk, mert nem esik t\u00f6bb h\u00f3napja, de az \u00e1llam nem tesz semmit, hogy megoldja a helyzetet, az \u00e9vtizedek \u00f3ta lappang\u00f3 tervekb\u0151l semmi nem val\u00f3s\u00falt meg - ki tudja mennyi p\u00e9nz sziv\u00e1roghatott el ezzel is. Arr\u00f3l sem besz\u00e9lnek, hogy a korm\u00e1ny t\u00f6bb sz\u00e1zezer di\u00e1kot k\u00fcld a vil\u00e1gba \u00f6szt\u00f6nd\u00edjjal tanulni \u00fagy, hogy m\u00e9g alapszint\u0171 angolt sem besz\u00e9lnek. Arr\u00f3l sem, hogy b\u00e1r jobb oktat\u00e1st k\u00f6vetelnek a jobban ink\u00e1bb a szigor\u00fabb a l\u00e9nyeg. Mert az \u00e1lland\u00f3 tapsikol\u00e1ssal \u00e9s d\u00edcs\u00e9rettel itt tart a nagy brazil inteligencia.\r\nLehet pampogni, csak k\u00e9rd\u00e9s, hogy mennyire \u00e9sszer\u0171en teszik ezt, mennyi ebb\u0151l a val\u00f3s\u00e1galap, milyen szint\u0171 tud\u00e1ssal rendelkezik az \u00e1tlag \u00f6r\u00f6kk\u00f6n el\u00e9gedetlenked\u0151, \u00f6r\u00f6kk\u00f6n panaszkod\u00f3 brazil. Eddigi tapasztalataim alapj\u00e1n nem l\u00e1tom, hogy van-e m\u00f3dja annak, hogy a mindent pusz\u00edtt\u00f3, hi\u00e1nyos vagy hib\u00e1s inform\u00e1ci\u00f3kat skand\u00e1l\u00f3 sz\u00e1jakat el lehet-e valahogy hallgatatni.\r\n\r\nHmmm, ma alaposan elegem van ebb\u0151l, mert azt sem tudj\u00e1k mi\u00e9rt, de s\u00edrnak minden\u00e9rt. T\u00e9ny, hogy sokminden hib\u00e1dzik \u00e9s hi\u00e1nyzik, de fel sem fogj\u00e1k, hogy mennyi j\u00f3 is lehetett volna, mennyire nem is olyan rossz az orsz\u00e1g helyzete a vil\u00e1g sok m\u00e1s orsz\u00e1gaihoz k\u00e9pest. N\u00e9pbetegs\u00e9gg\u00e9, divatt\u00e1 v\u00e1lt a sz\u00fcntelen \u00f3cs\u00e1rol\u00e1s mindennel szemben, ami helyi. A rendszer a hib\u00e1s, a korm\u00e1ny a hib\u00e1s, az orsz\u00e1g a hib\u00e1s. (A f\u0151n\u00f6k a hib\u00e1s.)\r\nLe\u00e1ll az orsz\u00e1g, \u00e1lland\u00f3an sztr\u00e1jkolnak minden szektorban, v\u00e1ls\u00e1gban a gazdas\u00e1g, rossz a k\u00f6zhangulat. Amilyen sebesen felj\u00f6tt az orsz\u00e1g,\u00a0 olyan sebesen... tudjuk.\r\n\r\nMindezt peddig annak t\u00fckr\u00e9ben merem \u00e1ll\u00edtani, hogy tudom, hogy m\u00e9g itt szeretn\u00e9k maradni egy j\u00f3 darabig, l\u00e1tok lehet\u0151s\u00e9get, fejl\u0151d\u00e9st, j\u00f6v\u0151t ebben az orsz\u00e1gban. Nagyon sok j\u00f3 dolog van itt, a kezdeti \u00f6nk\u00edv\u00fcleti lelkesed\u00e9s, majd a fogatlan oroszl\u00e1nszer\u0171 b\u00f6mb\u00f6l\u00e9sem k\u00f6z\u00f6tti korszakban megtanultam, hogy most itt j\u00f3. Itt kell legyen j\u00f3. \u00c9s l\u00e1tok egy j\u00f6v\u0151t magamnak is. Persze keservesebben, g\u00f6rcs\u00f6sebben kikapart j\u00f6v\u0151t, de egy olyat, aminek az alapjait tal\u00e1n meg tudom itt teremteni.\r\nAbban b\u00edzom, hogy\u00a0 j\u00fanius 12-re euf\u00f3rikus egym\u00e1sraborul\u00e1s, boldogs\u00e1g \u00e9s \u00f6r\u00f6m lesz \u00e9s sip-sup elfelejtik ezt az eg\u00e9sz cirkuszt - mintha semmi nem t\u00f6rt\u00e9nt volna. \u00c9s lesz bev\u00e9tele, eredm\u00e9nye, hossz\u00fat\u00e1v\u00fa haszna ennek az esem\u00e9nynek. (Tal\u00e1n azokat a hasztalan stadionokat is haszn\u00e1lj\u00e1k valamikor, amit az es\u0151erd\u0151 \u00e9s a mocs\u00e1r k\u00f6zep\u00e9re \u00e9p\u00edtettek.) H\u00e1tha.\r\n\r\nN\u00e9ha \u00fagy gondolom, hogy t\u00f6bb\u00e9 nem fogok l\u00e1tni egy igaz\u00e1n boldog, felh\u0151tlen\u00fcl, gondtalanul nevet\u0151 brazilt - olyat, amilyet elk\u00e9pzel\u00fcnk.\r\n\r\nNa\u00edv lenn\u00e9k, de sok\u00e1ig azt hittem, hogy a brazil egy \u00f6sszetart\u00f3 n\u00e9p. Sokkal \u00f6sszetart\u00f3bb, mint mondjuk mi. V\u00e1ltoz\u00e1s van a leveg\u0151ben, ehhez nem f\u00e9r k\u00e9ts\u00e9g. Rem\u00e9lhet\u0151leg pozit\u00edv kimenetellel, egy \u00e9rettebb, megfontoltabb t\u00e1rsadalommal, kevesebb hazugs\u00e1ggal, korrupci\u00f3val \u00e9s bizalmatlans\u00e1ggal.\r\n\r\nMa mindenki \u00e1ldozat. Mind-mind a rendszer \u00e1ldozatai vagyunk. Az az adatbeviv\u0151 is, aki elcseszte az eg\u00e9szs\u00e9g\u00fcgyi biztos\u00edt\u00e1som regisztr\u00e1ci\u00f3j\u00e1t a rendszer \u00e1ldozata. (A rendszer elhom\u00e1lyos\u00edtotta a tekintet\u00e9t \u00e9s \u00edgy h\u00fclyes\u00e9g g\u00e9pelt be.) Az is, aki nagylelk\u0171en megnyugatott, hogy gond n\u00e9lk\u00fcl regisztr\u00e1lhatok ebben \u00e9s abban az \u00f6nkorm\u00e1nyzati adatb\u00e1zisban, nem sz\u00e1m\u00edt, hogy k\u00fclf\u00f6ldi vagyok. (Biztosan cs\u00e1bos tekintetem megzavarta. \u00c1 nem, a rendszer nem j\u00f3l fogalmazta meg a szab\u00e1lyzatot.) Nem folytatom, hossz\u00fa a lista. Az elej\u00e9n a meg\u00e9rkez\u0151 j\u00e1mbor t\u00fcrelm\u00e9vel kezeltem ezeket az 'apr\u00f3', sz\u00e1nd\u00e9ktalan bakikat (nagy szerencs\u00e9m volt, mert kev\u00e9s esettel sz\u00e1molhatok), ma pedig az edzett paulistano sof\u00f6rh\u00f6z hasonl\u00f3an, aki naponta 4 \u00f3r\u00e1t \u00fcl a dug\u00f3ban, lelkinyugalmam meg\u00f6rz\u00e9se v\u00e9gett, \u00f6nterapeuta m\u00f3don ignor\u00e1lom (megpr\u00f3b\u00e1lom) az eg\u00e9szet.\r\nRem\u00e9lem az\u00e9rt lesz, akivel \u00f6r\u00fclhetek a VB-nek \u00e9s nem kell teljesen titkoban, f\u00e9lve sikor\u00e1sznom.\u00a0 A rossz k\u00f6zhangulat, tudom, az eg\u00e9sz vil\u00e1gra jellemz\u0151, b\u0151ven van baj mindenhol. De t\u00e9ny, hogy nagy-nagy reformokra van itt sz\u00fcks\u00e9g - a kobakokban.\u00a0 K\u00fcl\u00f6nben is vil\u00e1gbajnoks\u00e1gr\u00f3l van sz\u00f3, amire az eg\u00e9sz plan\u00e9ta k\u00e9sz\u00fcl. F\u0151leg mi, akik itt vagyunk vagy akik j\u00f6nnek \u00e9s akikben \u00e9l a k\u00e9p, hogy milyen boldog, tr\u00f3pusi orsz\u00e1g is ez a fantasztikus Braz\u00edlia.\r\n\r\nA j\u00f3 az eg\u00e9szben az, hogy sok brazil kezdi felismerni, a hib\u00e1t ink\u00e1bb mindenki mag\u00e1ban kellene keresse. Kezdenek elf\u00e1radni a lelki terrort\u00f3l, amit ez a nagy sz\u00f3l\u00e1sszabads\u00e1g \u00e9s a 'szak\u00e9rt\u0151i' politikai elemz\u00e9s\u00e9s gerjeszt. Kezd hangot kapni azoknak is a szava, akik racion\u00e1lis gondolkod\u00e1sm\u00f3dra figyelmeztetnek, akiknek szint\u00e9n eleg\u00fck van a meggondolatlan \u00e9s rombol\u00f3, v\u00e9get nem \u00e9r\u0151 panasz\u00e1radatb\u00f3l \u00e9s az \u00f6r\u00f6k\u00f6s k\u00f6vetel\u0151z\u00e9sb\u0151l.\r\n\r\n(B\u00e1r \u00e9n eddig mind az itteni, s\u00e3o paulo-i tapasztalatokr\u00f3l besz\u00e9lek, egy\u00e1ltal\u00e1n nem biztos, hogy ez \u00e9rv\u00e9nyes m\u00e1s \u00e1llamokra. Er\u0151sszav\u00fa \u00e9s kem\u00e9ny a kockabolyg\u00f3beli, hasznos, ha az embernek van egy dek\u00f3dere.)\r\n\r\nMa este pedig volt egy kis eset, ami sz\u00e1momra t\u00f6k\u00e9letes p\u00e9ld\u00e1ja az orsz\u00e1gban t\u00f6rt\u00e9ntekre. Nem h\u00e1bor\u00edtott fel, meg sem lep\u0151dtem, de legink\u00e1bb nem \u00e9rdekelt. Csak ennyit tudtam mondani: rem\u00e9nytelen. Egy hajl\u00e9ktalan k\u00e9rt t\u0151lem p\u00e9nzt, adtam neki. A p\u00e9nzzel a kez\u00e9ben folytatta a sir\u00e1mj\u00e1t \u00e9s a kuncsorg\u00e1st. Kicsit er\u00e9lyesen r\u00e1sz\u00f3ltam, hogy ott van a kez\u00e9ben, ink\u00e1bb k\u00f6sz\u00f6nje meg. M\u00e9g folytatatta, majd h\u00edrtelen felocsudott \u00e9s kelletlen\u00fcl, f\u00e9lfogr\u00f3l megk\u00f6sz\u00f6nte...\r\n\r\n(Fontosnak tartom hangs\u00falyozni, hogy a fenti \u00edr\u00e1sommal egy adott viselked\u00e9sform\u00e1t sz\u00e1nd\u00e9kozom kritiz\u00e1lni \u00e9s nem az \u00e1tlag brazil \u00e9letet, adott embereket \u00e9s nem az \u00e1tlagot. Mondom mindezt azok v\u00e9delm\u00e9ben, akiket szeretek \u00e9s nagyrabecs\u00fcl\u00f6k, illetve azok\u00e9nak, akik hangtalanul, megf\u00e9leml\u00edtve t\u00e9nyleg t\u0171rik a neh\u00e9zs\u00e9geket \u00e9s az atrocit\u00e1sokat, ami sokszor pont ebb\u0151l az agressz\u00edv viselked\u00e9sm\u00f3db\u00f3l ered.)\r\n\r\nPampog\u00e1som folytatom nemsok\u00e1ra - a pampog\u00f3k ellen.\r\n\r\n&nbsp;\r\n\r\n&nbsp;\r\n\r\n&nbsp;\r\n\r\n&nbsp;","type":"rich"}